{"id":3174,"date":"2015-11-04T13:06:19","date_gmt":"2015-11-04T12:06:19","guid":{"rendered":"http:\/\/ostomaz.splet.arnes.si\/?page_id=3174"},"modified":"2025-09-24T12:46:32","modified_gmt":"2025-09-24T10:46:32","slug":"bralna-znacka","status":"publish","type":"page","link":"https:\/\/ostomaz.splet.arnes.si\/?page_id=3174","title":{"rendered":"Bralna zna\u010dka"},"content":{"rendered":"<p>Branje za bralno zna\u010dko se vsako leto za\u010dne 17. septembra na dan zlate knjige, zaklju\u010di pa se 2. aprila na mednarodni dan knjig za otroke in rojstni dan velikega pravlji\u010darja H. C. Andersena.<\/p>\n<p>Za u\u010dence RS smo u\u010ditelji in knji\u017eni\u010darka pripravili seznam knjig, ki pa se po dogovoru s posameznim mentorjem lahko tudi prilagodi.<\/p>\n<p>Na\u0161a skupna&nbsp; \u017eelja je, da u\u010denci preberejo \u010dim ve\u010d knjig, se o njih pogovarjajo med seboj, z u\u010ditelji in star\u0161i.<\/p>\n<p>Knji\u017eni\u010darka:&nbsp;Marija Loren\u010di\u010d<\/p>\n<p><a href=\"https:\/\/ostomaz.splet.arnes.si\/files\/2025\/09\/BRALNA-ZNACKA-1.docx\">BRALNA ZNA\u010cKA 1<\/a><\/p>\n<p><a href=\"https:\/\/ostomaz.splet.arnes.si\/files\/2025\/09\/BRALNA-ZNACKA-2.docx\">BRALNA ZNA\u010cKA 2<\/a><\/p>\n<p><a href=\"https:\/\/ostomaz.splet.arnes.si\/files\/2025\/09\/BRALNA-ZNACKA-3.docx\">BRALNA ZNA\u010cKA 3<\/a><\/p>\n<p><a href=\"https:\/\/ostomaz.splet.arnes.si\/files\/2025\/09\/BRALNA-ZNACKA-4.docx\">BRALNA ZNA\u010cKA 4<\/a><\/p>\n<p><a href=\"https:\/\/ostomaz.splet.arnes.si\/files\/2025\/09\/BRALNA-ZNACKA-5.docx\">BRALNA ZNA\u010cKA 5<\/a><\/p>\n<p>\u201cV knjigah je zbran ve\u010dji zaklad, kot v piratski votlini na Otoku zakladov!\u201d (Walt Disney)<\/p>\n<p><img loading=\"lazy\" decoding=\"async\" class=\"size-medium wp-image-19536 aligncenter\" src=\"https:\/\/ostomaz.splet.arnes.si\/files\/2023\/10\/Bereva-300x174.jpg\" alt=\"\" width=\"300\" height=\"174\" srcset=\"https:\/\/ostomaz.splet.arnes.si\/files\/2023\/10\/Bereva-300x174.jpg 300w, https:\/\/ostomaz.splet.arnes.si\/files\/2023\/10\/Bereva-768x445.jpg 768w, https:\/\/ostomaz.splet.arnes.si\/files\/2023\/10\/Bereva-624x361.jpg 624w, https:\/\/ostomaz.splet.arnes.si\/files\/2023\/10\/Bereva.jpg 820w\" sizes=\"auto, (max-width: 300px) 100vw, 300px\" \/><\/p>\n","protected":false},"excerpt":{"rendered":"<p>Branje za bralno zna\u010dko se [&hellip;]<\/p>\n","protected":false},"author":7391,"featured_media":3204,"parent":2355,"menu_order":0,"comment_status":"closed","ping_status":"open","template":"","meta":{"ngg_post_thumbnail":0,"footnotes":""},"class_list":["post-3174","page","type-page","status-publish","has-post-thumbnail","hentry"],"_links":{"self":[{"href":"https:\/\/ostomaz.splet.arnes.si\/index.php?rest_route=\/wp\/v2\/pages\/3174","targetHints":{"allow":["GET"]}}],"collection":[{"href":"https:\/\/ostomaz.splet.arnes.si\/index.php?rest_route=\/wp\/v2\/pages"}],"about":[{"href":"https:\/\/ostomaz.splet.arnes.si\/index.php?rest_route=\/wp\/v2\/types\/page"}],"author":[{"embeddable":true,"href":"https:\/\/ostomaz.splet.arnes.si\/index.php?rest_route=\/wp\/v2\/users\/7391"}],"replies":[{"embeddable":true,"href":"https:\/\/ostomaz.splet.arnes.si\/index.php?rest_route=%2Fwp%2Fv2%2Fcomments&post=3174"}],"version-history":[{"count":10,"href":"https:\/\/ostomaz.splet.arnes.si\/index.php?rest_route=\/wp\/v2\/pages\/3174\/revisions"}],"predecessor-version":[{"id":23065,"href":"https:\/\/ostomaz.splet.arnes.si\/index.php?rest_route=\/wp\/v2\/pages\/3174\/revisions\/23065"}],"up":[{"embeddable":true,"href":"https:\/\/ostomaz.splet.arnes.si\/index.php?rest_route=\/wp\/v2\/pages\/2355"}],"wp:featuredmedia":[{"embeddable":true,"href":"https:\/\/ostomaz.splet.arnes.si\/index.php?rest_route=\/wp\/v2\/media\/3204"}],"wp:attachment":[{"href":"https:\/\/ostomaz.splet.arnes.si\/index.php?rest_route=%2Fwp%2Fv2%2Fmedia&parent=3174"}],"curies":[{"name":"wp","href":"https:\/\/api.w.org\/{rel}","templated":true}]}}